{"id":3,"date":"2022-08-11T07:46:37","date_gmt":"2022-08-11T07:46:37","guid":{"rendered":"https:\/\/www.congressus.es\/plataforma-online-gestion-congresos\/?page_id=3"},"modified":"2024-05-13T13:03:48","modified_gmt":"2024-05-13T11:03:48","slug":"politica-privacidad","status":"publish","type":"page","link":"https:\/\/www.congressus.es\/plataforma-online-gestion-congresos\/politica-privacidad\/","title":{"rendered":"Pol\u00edtica de privacidad"},"content":{"rendered":"<div class=\"entry-content\">\n<p>En Nazar\u00edes Intelligenia estamos comprometidos con la protecci\u00f3n de tu privacidad. Queremos ser transparentes sobre los datos que recopilamos, c\u00f3mo los utilizamos y los derechos que tienes para controlar tus datos.<\/p>\n<h2>I.- Informaci\u00f3n al usuario<\/h2>\n<p><strong>Nazar\u00edes Information Technologies, S.L.<\/strong>\u00a0es Responsable del tratamiento de los datos personales del Usuario y le informa que estos datos ser\u00e1n tratados de conformidad con lo dispuesto en el Reglamento (UE) 2016\/679 de 27 de abril de 2016 (RGPD) relativo a la protecci\u00f3n de las personas f\u00edsicas y en la Ley Org\u00e1nica 3\/2018, de 5 de diciembre (LOPDGDD), en lo que respecta al tratamiento de datos personales y a la libre circulaci\u00f3n de estos datos, por lo que se le facilita la siguiente informaci\u00f3n del tratamiento:<\/p>\n<p><strong>\u00bfCon qu\u00e9 finalidad tratamos sus datos personales?<\/strong><\/p>\n<p>Tratamos los datos de las personas interesadas para la gesti\u00f3n y desarrollo de las comunicaciones (contacto de usuarios, resoluci\u00f3n de consultas, solicitudes de presupuestos, etc.) as\u00ed como para atender los servicios solicitados y desarrollar nuestra actividad. Si nos env\u00eda su curr\u00edculo, los mismos podr\u00e1n ser utilizados en los procesos de selecci\u00f3n de personal, con el objetivo de seleccionar al mejor candidato para el puesto vacante que ofertamos. Los curr\u00edculos se conservar\u00e1n durante un plazo m\u00e1ximo de un a\u00f1o, transcurrido el cual se proceder\u00e1 a la supresi\u00f3n garantiz\u00e1ndole un total respeto a la confidencialidad tanto en el tratamiento, como en su posterior destrucci\u00f3n. En este sentido, transcurrido el citado plazo, y si desea continuar participando en los procesos de selecci\u00f3n, le rogamos nos remita nuevamente su curr\u00edculum.<\/p>\n<p>Suscripci\u00f3n de los usuarios a nuestra newsletter<\/p>\n<p><strong>\u00bfQu\u00e9 tipo de datos tratamos?<\/strong><\/p>\n<p>Adem\u00e1s de los diferentes medios de obtenci\u00f3n citados, as\u00ed como las diferentes finalidades de tratamiento expuestas, le informamos que los tipos de datos que podemos tratar en nuestro sistema de informaci\u00f3n son:<\/p>\n<ul>\n<li>Nombre.<\/li>\n<li>Datos de contacto: tel\u00e9fono y correo electr\u00f3nico.<\/li>\n<li>Datos curriculares.<\/li>\n<\/ul>\n<p><strong>\u00bfPor cu\u00e1nto tiempo conservaremos sus datos?<\/strong><\/p>\n<p>Los datos personales se conservar\u00e1n mientras se mantenga relaci\u00f3n con usted, bien como cliente, o bien como otro tipo de interesado; mientras no se solicite la supresi\u00f3n de estos; o mientras exista alguna previsi\u00f3n o exigencia legal de conservaci\u00f3n de estos.<\/p>\n<p>Cuando los datos dejen de ser necesarios para las finalidades por las que fueron recabados ser\u00e1n suprimidos asegurando la confidencialidad de estos.<\/p>\n<p><strong>\u00bfCu\u00e1l es la legitimaci\u00f3n para el tratamiento de sus datos?<\/strong><\/p>\n<p>La base legitimadora para el tratamiento de sus datos ser\u00e1 el consentimiento, o bien, el inter\u00e9s leg\u00edtimo del Responsable para responder a las cuestiones que nos planteen los usuarios.<\/p>\n<p><strong>\u00bfA qu\u00e9 destinatarios se comunicar\u00e1n sus datos?<\/strong><\/p>\n<p>Los datos de los interesados no ser\u00e1n comunicados a ning\u00fan tercero, salvo obligaci\u00f3n legal al respecto.<\/p>\n<p><strong>\u00bfCu\u00e1les son sus derechos cuando nos facilita y\/o tratamos sus datos?<\/strong><\/p>\n<p>Como interesado, usted podr\u00e1 en cualquier momento solicitarnos el ejercicio de cualquiera de los siguientes derechos que le asisten en materia de protecci\u00f3n de datos:<\/p>\n<ul>\n<li><strong>Acceder a sus datos:\u00a0<\/strong>Tiene derecho a acceder a sus datos para conocer qu\u00e9 datos personales estamos tratando que le conciernen.<\/li>\n<li><strong>Solicitar la rectificaci\u00f3n o supresi\u00f3n de sus datos:\u00a0<\/strong>En determinadas circunstancias, tiene derecho a rectificar aquellos datos personales que considere inexactos y que le conciernan, y que sean objeto de tratamiento por parte de LAS ENTIDADES, as\u00ed como derecho a solicitar la supresi\u00f3n de sus datos cuando, entre otros motivos, los datos ya no fueran necesarios para los fines que fueron recogidos.<\/li>\n<li><strong>Solicitar la limitaci\u00f3n del tratamiento de sus datos:<\/strong>\u00a0En determinadas circunstancias, tendr\u00e1 derecho a solicitarnos la limitaci\u00f3n del tratamiento de sus datos, en cuyo caso le informamos que \u00fanicamente conservaremos los datos sobre los que haya solicitado limitaci\u00f3n en el tratamiento para el ejercicio o defensa de reclamaciones.<\/li>\n<li><strong>A la portabilidad de sus datos:<\/strong>\u00a0En determinadas circunstancias, tendr\u00e1 derecho a recibir los datos personales que le incumban, y que nos haya facilitado, en un formato estructurado de uso com\u00fan y lectura mec\u00e1nica, as\u00ed como a que sean transmitidos por parte de nuestra empresa a otro responsable del tratamiento.<\/li>\n<li><strong>Oponerse al tratamiento de sus datos:<\/strong>\u00a0En determinadas circunstancias y por motivos relacionados con su situaci\u00f3n particular, tendr\u00e1 derecho a oponerse al tratamiento de sus datos en cuyo caso, dejar\u00edamos de tratarlos salvo que debamos continuar haci\u00e9ndolo por motivos leg\u00edtimos imperiosos o para el ejercicio o la defensa de posibles reclamaciones.<\/li>\n<li>Derecho a presentar una reclamaci\u00f3n ante la Autoridad de control si no ha obtenido satisfacci\u00f3n en el ejercicio de sus derechos, en este caso, ante la Agencia Espa\u00f1ola de protecci\u00f3n de datos\u00a0<a href=\"http:\/\/www.aepd.es\/\" target=\"_blank\" rel=\"noopener\">http:\/\/www.aepd.es<\/a><\/li>\n<\/ul>\n<p>Le informamos que podr\u00e1 ejercitar sus derechos sobre sus datos personales a trav\u00e9s de cualquiera de las siguientes v\u00edas:<\/p>\n<ul>\n<li><strong>Direcci\u00f3n postal:<\/strong>\u00a0C\/ Parque de las Ciencias 1, planta 2, 18006 Granada.<\/li>\n<li><strong>Direcci\u00f3n electr\u00f3nica:\u00a0<a href=\"mailto:gdpr@nazaries.com\">gdpr@nazaries.com<\/a><\/strong><\/li>\n<\/ul>\n<p><strong>Delegado de Protecci\u00f3n de Datos Nazar\u00edes Intelligenia<\/strong><\/p>\n<p>\u00bfSabe que en nuestra entidad contamos con un delegado de protecci\u00f3n de datos al cual puede enviar todas sus reclamaciones, dudas y sugerencias sobre el uso de su informaci\u00f3n personal?<\/p>\n<p>Los\u00a0<strong>datos de contacto de nuestro delegado de protecci\u00f3n de datos<\/strong>\u00a0son los siguientes:<\/p>\n<p>Correo electr\u00f3nico:\u00a0<a href=\"mailto:gdpr@nazaries.com\">gdpr@nazaries.com<\/a>\u00a0deber\u00e1 se\u00f1alar en el asunto del correo:\u00a0<em><strong>[Protecci\u00f3n de Datos] Duda\/Reclamaci\u00f3n\/Sugerencia sobre Congressus <\/strong><\/em>seg\u00fan el objeto de su notificaci\u00f3n.<\/p>\n<h2>II.- Car\u00e1cter obligatorio o facultativo de la informaci\u00f3n facilitada por el usuario<\/h2>\n<p>Los Usuarios, mediante la marcaci\u00f3n de las casillas correspondientes y entrada de datos en los campos, del formulario de presupuesto, aceptan expresamente y de forma libre e inequ\u00edvoca, que sus datos son necesarios para atender su petici\u00f3n, por parte del prestador, siendo voluntaria la inclusi\u00f3n de datos en los campos restantes.<br \/>\nEl usuario garantiza que los datos que aporte son verdaderos, exactos, completos y se encuentran actualizados, siendo responsable de cualquier da\u00f1o o perjuicio, directo o indirecto, que pudiera ocasionarse como consecuencia del incumplimiento de tal obligaci\u00f3n.<br \/>\nEn caso de que el usuario aporte datos pertenecientes a un tercero, garantiza que ha informado a dicho tercero de la totalidad de aspectos contenidos en la presente Pol\u00edtica de Privacidad y obtenido su consentimiento para facilitarnos sus datos para la finalidad de tratamiento de que se trate. Todo ello, con car\u00e1cter previo al suministro de datos de un tercero.<br \/>\nEn caso de que no sean facilitados todos los datos, no se garantiza que la informaci\u00f3n y servicios facilitados sean completamente ajustados a sus necesidades.<\/p>\n<\/div>\n","protected":false},"excerpt":{"rendered":"<p>En Nazar\u00edes Intelligenia estamos comprometidos con la protecci\u00f3n de tu privacidad. Queremos ser transparentes sobre los datos que recopilamos, c\u00f3mo los utilizamos y los derechos que tienes para controlar tus datos. I.- Informaci\u00f3n al usuario Nazar\u00edes Information Technologies, S.L.\u00a0es Responsable del tratamiento de los datos personales del Usuario y le informa que estos datos ser\u00e1n [&#8230;]<\/p>\n<p><a class=\"btn btn-secondary understrap-read-more-link\" href=\"https:\/\/www.congressus.es\/plataforma-online-gestion-congresos\/politica-privacidad\/\">Leer m\u00e1s&#8230;<span class=\"screen-reader-text\"> from Pol\u00edtica de privacidad<\/span><\/a><\/p>\n","protected":false},"author":1,"featured_media":0,"parent":0,"menu_order":0,"comment_status":"closed","ping_status":"open","template":"","meta":{"rank_math_lock_modified_date":false,"footnotes":""},"class_list":["post-3","page","type-page","status-publish","hentry"],"_links":{"self":[{"href":"https:\/\/www.congressus.es\/plataforma-online-gestion-congresos\/wp-json\/wp\/v2\/pages\/3","targetHints":{"allow":["GET"]}}],"collection":[{"href":"https:\/\/www.congressus.es\/plataforma-online-gestion-congresos\/wp-json\/wp\/v2\/pages"}],"about":[{"href":"https:\/\/www.congressus.es\/plataforma-online-gestion-congresos\/wp-json\/wp\/v2\/types\/page"}],"author":[{"embeddable":true,"href":"https:\/\/www.congressus.es\/plataforma-online-gestion-congresos\/wp-json\/wp\/v2\/users\/1"}],"replies":[{"embeddable":true,"href":"https:\/\/www.congressus.es\/plataforma-online-gestion-congresos\/wp-json\/wp\/v2\/comments?post=3"}],"version-history":[{"count":5,"href":"https:\/\/www.congressus.es\/plataforma-online-gestion-congresos\/wp-json\/wp\/v2\/pages\/3\/revisions"}],"predecessor-version":[{"id":206,"href":"https:\/\/www.congressus.es\/plataforma-online-gestion-congresos\/wp-json\/wp\/v2\/pages\/3\/revisions\/206"}],"wp:attachment":[{"href":"https:\/\/www.congressus.es\/plataforma-online-gestion-congresos\/wp-json\/wp\/v2\/media?parent=3"}],"curies":[{"name":"wp","href":"https:\/\/api.w.org\/{rel}","templated":true}]}}